{"id":1048,"date":"2023-01-09T13:06:31","date_gmt":"2023-01-09T12:06:31","guid":{"rendered":"https:\/\/demo.vg-mauern.de\/hoergertshausen\/?page_id=1048"},"modified":"2026-04-29T10:52:48","modified_gmt":"2026-04-29T08:52:48","slug":"aktuelles","status":"publish","type":"page","link":"https:\/\/vg-mauern.de\/hoergertshausen\/gemeinde\/aktuelles\/","title":{"rendered":"Aktuelles"},"content":{"rendered":"<h1>Aktuelles aus dem Landratsamt<\/h1>\n<div>\n<p>Optimierung der Abfallwirtschaft: Landkreis verwaltet Rest- und Biom\u00fclltonnen wieder selbst &#8211; Sperrm\u00fcllgeb\u00fchr f\u00e4llt weg.<\/p>\n<p><a href=\"https:\/\/www.kreis-freising.de\/news-veranstaltungen\/news\/detail\/detail\/optimierung-der-abfallwirtschaft-landkreis-verwaltet-rest-und-biomuelltonnen-wieder-selbst-sperrmuellgebuehr-faellt-weg.html\">N\u00e4heres dar\u00fcber erfahren Sie hier<\/a><\/p>\n<\/div>\n<h1>Baugrundvergabe im Baugebiet &#8222;West&#8220;<\/h1>\n<div>\n<p>Die Gemeinde H\u00f6rgertshausen vergibt ein Baugrundst\u00fcck im Baugebiet &#8222;West&#8220; zum n\u00e4chstm\u00f6glichen Zeitpunkt. Der Kaufpreis betr\u00e4gt 410,00 \u20ac\/m\u00b2 inkl. Erschlie\u00dfungskosten.<\/p>\n<p><a href=\"https:\/\/vg-mauern.de\/hoergertshausen\/bauland\/baugebiete\/\">N\u00e4heres dar\u00fcber erfahren Sie hier<\/a><\/p>\n<\/div>\n<h1>Ver\u00e4u\u00dferung von Gewerbegrundst\u00fccken<\/h1>\n<div>\n<p>Die Gemeinde H\u00f6rgertshausen ver\u00e4u\u00dfert im &#8222;Gewerbegebiet S\u00fcd 1. Erweiterung&#8220; zwei Gewerbegrundst\u00fccke.<br \/><a href=\"https:\/\/vg-mauern.de\/hoergertshausen\/bauland\/gewerbeflaechen\/\">N\u00e4heres dar\u00fcber erfahren Sie hier<\/a><\/p>\n<\/div>\n<h1>\n<p class=\"uk-article-title\">Den Veranstaltungskalender 2025\/2026 finden Sie \u00fcber den untenstehenden Link<\/p>\n<\/h1>\n<div>\n<p><a href=\"\/hoergertshausen\/wp-content\/uploads\/sites\/4\/2025\/12\/Veranstaltungskalender-2025_2026-Gemeinde-Hoergertshausen-NEU.pdf\"><\/p>\n<p>Veranstaltungskalender 2025\/2026<\/p>\n<p><\/a><\/p>\n<\/div>\n<p><!--more--><br \/>\n<!-- {\"type\":\"layout\",\"children\":[{\"type\":\"section\",\"props\":{\"image_position\":\"center-center\",\"padding\":\"small\",\"padding_remove_bottom\":true,\"style\":\"default\",\"title_breakpoint\":\"xl\",\"title_position\":\"top-left\",\"title_rotation\":\"left\",\"vertical_align\":\"\",\"width\":\"default\"},\"children\":[{\"type\":\"row\",\"children\":[{\"type\":\"column\",\"props\":{\"image_position\":\"center-center\",\"position_sticky_breakpoint\":\"m\",\"width_medium\":\"1-1\"},\"children\":[{\"type\":\"breadcrumbs\",\"props\":{\"show_current\":true,\"show_home\":true}}]}]}]},{\"type\":\"section\",\"props\":{\"image_position\":\"center-center\",\"padding\":\"xsmall\",\"padding_remove_top\":false,\"style\":\"default\",\"title_breakpoint\":\"xl\",\"title_position\":\"top-left\",\"title_rotation\":\"left\",\"vertical_align\":\"\",\"width\":\"default\"},\"children\":[{\"type\":\"row\",\"children\":[{\"type\":\"column\",\"props\":{\"image_position\":\"center-center\",\"position_sticky_breakpoint\":\"m\"},\"children\":[{\"type\":\"headline\",\"props\":{\"content\":\"Aktuelles aus dem Landratsamt\",\"margin\":\"large\",\"margin_remove_bottom\":true,\"title_element\":\"h1\"},\"name\":\"\\u00dcberschrift\"},{\"type\":\"text\",\"props\":{\"column_breakpoint\":\"m\",\"content\":\"\n\n<p>Optimierung der Abfallwirtschaft: Landkreis verwaltet Rest- und Biom\\u00fclltonnen wieder selbst - Sperrm\\u00fcllgeb\\u00fchr f\\u00e4llt weg.<\\\/p>\\n\n\n<p><a href=\\\"https:\\\/\\\/www.kreis-freising.de\\\/news-veranstaltungen\\\/news\\\/detail\\\/detail\\\/optimierung-der-abfallwirtschaft-landkreis-verwaltet-rest-und-biomuelltonnen-wieder-selbst-sperrmuellgebuehr-faellt-weg.html\\\">N\\u00e4heres dar\\u00fcber erfahren Sie hier<\\\/a><\\\/p>\",\"margin\":\"default\"}},{\"type\":\"headline\",\"props\":{\"content\":\"Baugrundvergabe im Baugebiet \\\"West\\\"\",\"margin\":\"large\",\"margin_remove_bottom\":true,\"title_element\":\"h1\"},\"name\":\"\\u00dcberschrift\"},{\"type\":\"text\",\"props\":{\"column_breakpoint\":\"m\",\"content\":\"\n\n<p>Die Gemeinde H\\u00f6rgertshausen vergibt ein Baugrundst\\u00fcck im Baugebiet \\\"West\\\" zum n\\u00e4chstm\\u00f6glichen Zeitpunkt. Der Kaufpreis betr\\u00e4gt 410,00 \\u20ac\\\/m\\u00b2 inkl. Erschlie\\u00dfungskosten.<\\\/p>\\n\n\n<p><a href=\\\"https:\\\/\\\/vg-mauern.de\\\/hoergertshausen\\\/bauland\\\/baugebiete\\\/\\\">N\\u00e4heres dar\\u00fcber erfahren Sie hier<\\\/a><\\\/p>\",\"margin\":\"default\"}},{\"type\":\"headline\",\"props\":{\"content\":\"Ver\\u00e4u\\u00dferung von Gewerbegrundst\\u00fccken\",\"margin\":\"large\",\"margin_remove_bottom\":true,\"title_element\":\"h1\"},\"name\":\"\\u00dcberschrift\"},{\"type\":\"text\",\"props\":{\"column_breakpoint\":\"m\",\"content\":\"\n\n<p>Die Gemeinde H\\u00f6rgertshausen ver\\u00e4u\\u00dfert im \\\"Gewerbegebiet S\\u00fcd 1. Erweiterung\\\" zwei Gewerbegrundst\\u00fccke.<br \\\/><a href=\\\"https:\\\/\\\/vg-mauern.de\\\/hoergertshausen\\\/bauland\\\/gewerbeflaechen\\\/\\\">N\\u00e4heres dar\\u00fcber erfahren Sie hier<\\\/a><\\\/p>\",\"margin\":\"default\"}},{\"type\":\"headline\",\"props\":{\"content\":\"\n\n<p class=\\\"uk-article-title\\\">Den Veranstaltungskalender 2025\\\/2026 finden Sie \\u00fcber den untenstehenden Link<\\\/p>\",\"margin\":\"large\",\"margin_remove_bottom\":true,\"title_element\":\"h1\"},\"name\":\"\\u00dcberschrift\"}]}]},{\"type\":\"row\",\"children\":[{\"type\":\"column\",\"props\":{\"image_position\":\"center-center\",\"position_sticky_breakpoint\":\"m\"},\"children\":[{\"type\":\"list\",\"props\":{\"column_breakpoint\":\"m\",\"image_align\":\"left\",\"image_svg_color\":\"emphasis\",\"image_vertical_align\":true,\"list_element\":\"ul\",\"list_horizontal_separator\":\", \",\"list_size\":\"large\",\"list_type\":\"vertical\",\"show_image\":true,\"show_link\":true},\"children\":[{\"type\":\"list_item\",\"props\":{\"content\":\"\n\n<p>Veranstaltungskalender 2025\\\/2026<\\\/p>\",\"icon\":\"calendar\",\"link\":\"wp-content\\\/uploads\\\/sites\\\/4\\\/2025\\\/12\\\/Veranstaltungskalender-2025_2026-Gemeinde-Hoergertshausen-NEU.pdf\",\"link_target\":true}}]}]}]}],\"name\":\"Beitragsinhalt\"}],\"version\":\"4.4.16\"} --><\/p>\n","protected":false},"excerpt":{"rendered":"<p>Aktuelles aus dem Landratsamt Optimierung der Abfallwirtschaft: Landkreis verwaltet Rest- und Biom\u00fclltonnen wieder selbst &#8211; Sperrm\u00fcllgeb\u00fchr f\u00e4llt weg. N\u00e4heres dar\u00fcber erfahren Sie hier Baugrundvergabe im Baugebiet &#8222;West&#8220; Die Gemeinde H\u00f6rgertshausen vergibt ein Baugrundst\u00fcck im Baugebiet &#8222;West&#8220; zum n\u00e4chstm\u00f6glichen Zeitpunkt. Der Kaufpreis betr\u00e4gt 410,00 \u20ac\/m\u00b2 inkl. Erschlie\u00dfungskosten. N\u00e4heres dar\u00fcber erfahren Sie hier Ver\u00e4u\u00dferung von Gewerbegrundst\u00fccken Die [&hellip;]<\/p>\n","protected":false},"author":1,"featured_media":0,"parent":130,"menu_order":0,"comment_status":"closed","ping_status":"closed","template":"","meta":{"footnotes":""},"class_list":["post-1048","page","type-page","status-publish","hentry"],"publishpress_future_action":{"enabled":false,"date":"2026-05-07 22:30:55","action":"change-status","newStatus":"draft","terms":[],"taxonomy":"","extraData":[]},"publishpress_future_workflow_manual_trigger":{"enabledWorkflows":[]},"_links":{"self":[{"href":"https:\/\/vg-mauern.de\/hoergertshausen\/wp-json\/wp\/v2\/pages\/1048","targetHints":{"allow":["GET"]}}],"collection":[{"href":"https:\/\/vg-mauern.de\/hoergertshausen\/wp-json\/wp\/v2\/pages"}],"about":[{"href":"https:\/\/vg-mauern.de\/hoergertshausen\/wp-json\/wp\/v2\/types\/page"}],"author":[{"embeddable":true,"href":"https:\/\/vg-mauern.de\/hoergertshausen\/wp-json\/wp\/v2\/users\/1"}],"replies":[{"embeddable":true,"href":"https:\/\/vg-mauern.de\/hoergertshausen\/wp-json\/wp\/v2\/comments?post=1048"}],"version-history":[{"count":10,"href":"https:\/\/vg-mauern.de\/hoergertshausen\/wp-json\/wp\/v2\/pages\/1048\/revisions"}],"predecessor-version":[{"id":2753,"href":"https:\/\/vg-mauern.de\/hoergertshausen\/wp-json\/wp\/v2\/pages\/1048\/revisions\/2753"}],"up":[{"embeddable":true,"href":"https:\/\/vg-mauern.de\/hoergertshausen\/wp-json\/wp\/v2\/pages\/130"}],"wp:attachment":[{"href":"https:\/\/vg-mauern.de\/hoergertshausen\/wp-json\/wp\/v2\/media?parent=1048"}],"curies":[{"name":"wp","href":"https:\/\/api.w.org\/{rel}","templated":true}]}}