{"id":150,"date":"2022-03-18T11:43:19","date_gmt":"2022-03-18T10:43:19","guid":{"rendered":"https:\/\/demo.vg-mauern.de\/hoergertshausen\/?page_id=150"},"modified":"2022-03-24T11:50:29","modified_gmt":"2022-03-24T10:50:29","slug":"ausschuesse","status":"publish","type":"page","link":"https:\/\/vg-mauern.de\/hoergertshausen\/gemeinde\/ausschuesse\/","title":{"rendered":"Aussch\u00fcsse"},"content":{"rendered":"<h1>Aussch\u00fcsse<\/h1>\n<ul>\n<li>\n<h3>Rechnungspr\u00fcfungsausschuss<\/h3>\n<div>\n<p>Vorsitzende: 2. B\u00fcrgermeisterin Elisabeth Piterna<br \/>Stellvertreter: Gregor Wild<\/p>\n<p>Irene Haas<br \/>Stellvertreterin: Sandra Steyer<\/p>\n<p>Stephan Mirlach<br \/>Stellvertreter: Sebastian Sergl, jun.<\/p>\n<p>Stefan Decker<br \/>Stellvertreter: Michael Setzensack<\/p>\n<\/div>\n<\/li>\n<li>\n<h3>Jugendbeauftragte<\/h3>\n<div>\n<p>Irene Haas und Sandra Steyer in Zusammenarbeit mit Frau Lutz von der Verwaltungsgemeinschaft Mauern.<\/p>\n<\/div>\n<\/li>\n<li>\n<h3>Seniorenbeauftragte<\/h3>\n<div>\n<p>Waltraud Setzensack-Grimm in Zusammenarbeit mit Frau Lutz von der Verwaltungsgemeinschaft Mauern.<\/p>\n<\/div>\n<\/li>\n<\/ul>\n<p><!--more--><br \/>\n<!-- {\"type\":\"layout\",\"children\":[{\"type\":\"section\",\"props\":{\"style\":\"default\",\"width\":\"default\",\"vertical_align\":\"middle\",\"title_position\":\"top-left\",\"title_rotation\":\"left\",\"title_breakpoint\":\"xl\",\"image_position\":\"center-center\",\"padding\":\"small\",\"padding_remove_bottom\":true},\"children\":[{\"type\":\"row\",\"children\":[{\"type\":\"column\",\"props\":{\"position_sticky_breakpoint\":\"m\",\"image_position\":\"center-center\",\"media_overlay_gradient\":\"\"},\"children\":[{\"type\":\"breadcrumbs\",\"props\":{\"show_home\":true,\"show_current\":true}}]}]}]},{\"type\":\"section\",\"props\":{\"style\":\"default\",\"width\":\"default\",\"vertical_align\":\"middle\",\"title_position\":\"top-left\",\"title_rotation\":\"left\",\"title_breakpoint\":\"xl\",\"image_position\":\"center-center\"},\"children\":[{\"type\":\"row\",\"children\":[{\"type\":\"column\",\"props\":{\"position_sticky_breakpoint\":\"m\",\"image_position\":\"center-center\",\"media_overlay_gradient\":\"\"},\"children\":[{\"type\":\"headline\",\"props\":{\"title_element\":\"h1\",\"content\":\"Aussch\\u00fcsse\",\"title_style\":\"heading-small\"}}]}]},{\"type\":\"row\",\"children\":[{\"type\":\"column\",\"props\":{\"position_sticky_breakpoint\":\"m\",\"image_position\":\"center-center\",\"media_overlay_gradient\":\"\"},\"children\":[{\"type\":\"grid\",\"props\":{\"show_title\":true,\"show_meta\":true,\"show_content\":true,\"show_image\":true,\"show_link\":true,\"grid_default\":\"1\",\"grid_medium\":\"2\",\"filter_style\":\"tab\",\"filter_all\":true,\"filter_position\":\"top\",\"filter_align\":\"left\",\"filter_grid_width\":\"auto\",\"filter_grid_breakpoint\":\"m\",\"title_hover_style\":\"reset\",\"title_element\":\"h3\",\"title_align\":\"top\",\"title_grid_width\":\"1-2\",\"title_grid_breakpoint\":\"m\",\"meta_style\":\"meta\",\"meta_align\":\"below-title\",\"meta_element\":\"div\",\"content_column_breakpoint\":\"m\",\"icon_width\":80,\"image_align\":\"top\",\"image_grid_width\":\"1-2\",\"image_grid_breakpoint\":\"m\",\"image_svg_color\":\"emphasis\",\"link_text\":\"Read more\",\"link_style\":\"default\",\"margin\":\"default\",\"item_animation\":true,\"grid_column_gap\":\"medium\",\"grid_row_gap\":\"medium\",\"panel_style\":\"card-default\",\"title_style\":\"h4\",\"title_color\":\"primary\",\"title_decoration\":\"divider\",\"panel_padding\":\"small\"},\"children\":[{\"type\":\"grid_item\",\"props\":{\"title\":\"Rechnungspr\\u00fcfungsausschuss\",\"content\":\"\n\n<p>Vorsitzende: 2. B\\u00fcrgermeisterin Elisabeth Piterna<br \\\/>Stellvertreter: Gregor Wild<\\\/p>\\n\n\n<p>Irene Haas<br \\\/>Stellvertreterin: Sandra Steyer<\\\/p>\\n\n\n<p>Stephan Mirlach<br \\\/>Stellvertreter: Sebastian Sergl, jun.<\\\/p>\\n\n\n<p>Stefan Decker<br \\\/>Stellvertreter: Michael Setzensack<\\\/p>\"}},{\"type\":\"grid_item\",\"props\":{\"title\":\"Jugendbeauftragte\",\"content\":\"\n\n<p>Irene Haas und Sandra Steyer in Zusammenarbeit mit Frau Lutz von der Verwaltungsgemeinschaft Mauern.<\\\/p>\"}},{\"type\":\"grid_item\",\"props\":{\"title\":\"Seniorenbeauftragte\",\"content\":\"\n\n<p>Waltraud Setzensack-Grimm in Zusammenarbeit mit Frau Lutz von der Verwaltungsgemeinschaft Mauern.<\\\/p>\"}}]}]}]}]}],\"version\":\"2.7.20\"} --><\/p>\n","protected":false},"excerpt":{"rendered":"<p>Aussch\u00fcsse Rechnungspr\u00fcfungsausschuss Vorsitzende: 2. B\u00fcrgermeisterin Elisabeth PiternaStellvertreter: Gregor Wild Irene HaasStellvertreterin: Sandra Steyer Stephan MirlachStellvertreter: Sebastian Sergl, jun. Stefan DeckerStellvertreter: Michael Setzensack Jugendbeauftragte Irene Haas und Sandra Steyer in Zusammenarbeit mit Frau Lutz von der Verwaltungsgemeinschaft Mauern. Seniorenbeauftragte Waltraud Setzensack-Grimm in Zusammenarbeit mit Frau Lutz von der Verwaltungsgemeinschaft Mauern.<\/p>\n","protected":false},"author":1,"featured_media":0,"parent":130,"menu_order":0,"comment_status":"closed","ping_status":"closed","template":"","meta":{"footnotes":""},"class_list":["post-150","page","type-page","status-publish","hentry"],"publishpress_future_action":{"enabled":false,"date":"2026-05-04 16:17:21","action":"change-status","newStatus":"draft","terms":[],"taxonomy":"","extraData":[]},"publishpress_future_workflow_manual_trigger":{"enabledWorkflows":[]},"_links":{"self":[{"href":"https:\/\/vg-mauern.de\/hoergertshausen\/wp-json\/wp\/v2\/pages\/150","targetHints":{"allow":["GET"]}}],"collection":[{"href":"https:\/\/vg-mauern.de\/hoergertshausen\/wp-json\/wp\/v2\/pages"}],"about":[{"href":"https:\/\/vg-mauern.de\/hoergertshausen\/wp-json\/wp\/v2\/types\/page"}],"author":[{"embeddable":true,"href":"https:\/\/vg-mauern.de\/hoergertshausen\/wp-json\/wp\/v2\/users\/1"}],"replies":[{"embeddable":true,"href":"https:\/\/vg-mauern.de\/hoergertshausen\/wp-json\/wp\/v2\/comments?post=150"}],"version-history":[{"count":9,"href":"https:\/\/vg-mauern.de\/hoergertshausen\/wp-json\/wp\/v2\/pages\/150\/revisions"}],"predecessor-version":[{"id":419,"href":"https:\/\/vg-mauern.de\/hoergertshausen\/wp-json\/wp\/v2\/pages\/150\/revisions\/419"}],"up":[{"embeddable":true,"href":"https:\/\/vg-mauern.de\/hoergertshausen\/wp-json\/wp\/v2\/pages\/130"}],"wp:attachment":[{"href":"https:\/\/vg-mauern.de\/hoergertshausen\/wp-json\/wp\/v2\/media?parent=150"}],"curies":[{"name":"wp","href":"https:\/\/api.w.org\/{rel}","templated":true}]}}