{"id":169,"date":"2022-03-02T16:20:02","date_gmt":"2022-03-02T15:20:02","guid":{"rendered":"https:\/\/demo.vg-mauern.de\/mauern\/?page_id=169"},"modified":"2026-08-12T11:51:19","modified_gmt":"2026-08-12T09:51:19","slug":"bauleitplaene-aktuelle-auslegung","status":"publish","type":"page","link":"https:\/\/vg-mauern.de\/mauern\/bauland\/bauleitplaene-aktuelle-auslegung\/","title":{"rendered":"Bauleitpl\u00e4ne aktuelle Auslegung"},"content":{"rendered":"<h1>Bauleitpl\u00e4ne aktuelle Auslegung<\/h1>\n<div>\n<p>Hier finden Sie die aktuellen \u00f6ffentlichen Auslegungen und Bekanntmachungen der Gemeinde Mauern gem\u00e4\u00df BauGB.<\/p>\n<\/p>\n<\/div>\n<div>\n<p><strong>Neuaufstellung des Fl\u00e4chennutzungsplanes mit integriertem Landschaftsplan, Gemeinde Mauern<\/strong><\/p>\n<\/div>\n<ul>\n<li>\n<p><a href=\"\/mauern\/wp-content\/uploads\/sites\/2\/2026\/08\/Anhang_0_Deckblatt.pdf\">Anhang_0_Deckblatt<\/a><\/p>\n<\/li>\n<li>\n<p><a href=\"\/mauern\/wp-content\/uploads\/sites\/2\/2026\/08\/Anhang_1_Umweltbericht.pdf\">Anhang_1_Umweltbericht<\/a><\/p>\n<\/li>\n<li>\n<p><a href=\"\/mauern\/wp-content\/uploads\/sites\/2\/2026\/08\/Anhang_2_Rahmenbedingungen.pdf\">Anhang_2_Rahmenbedingungen<\/a><\/p>\n<\/li>\n<li>\n<p><a href=\"\/mauern\/wp-content\/uploads\/sites\/2\/2026\/08\/Anhang_3_Themenkarten-klein-1.pdf\">Anhang_3_Themenkarten<\/a><\/p>\n<\/li>\n<li>\n<p><a href=\"\/mauern\/wp-content\/uploads\/sites\/2\/2026\/08\/Bekanntmachung.pdf\">Bekanntmachung<\/a><\/p>\n<\/li>\n<li>\n<p><a href=\"\/mauern\/wp-content\/uploads\/sites\/2\/2026\/08\/Datenschutz-konkrete-Information.pdf\">Datenschutz konkrete Information<\/a><\/p>\n<\/li>\n<li>\n<p><a href=\"\/mauern\/wp-content\/uploads\/sites\/2\/2026\/08\/FNP_LP_Mauern_5000_gesamt_klein.pdf\">FNP_LP_Mauern_5000_gesamt<\/a><\/p>\n<\/li>\n<li>\n<p><a href=\"\/mauern\/wp-content\/uploads\/sites\/2\/2026\/08\/FNP_LP_Mauern_5000_NORD.pdf\">FNP_LP_Mauern_5000_NORD<\/a><\/p>\n<\/li>\n<li>\n<p><a href=\"\/mauern\/wp-content\/uploads\/sites\/2\/2026\/08\/FNP_LP_Mauern_5000_SUeD.pdf\">FNP_LP_Mauern_5000_S\u00dcD<\/a><\/p>\n<\/li>\n<li>\n<p><a href=\"\/mauern\/wp-content\/uploads\/sites\/2\/2026\/08\/FNP_LP_Mauern_BEG_VE.pdf\">FNP_LP_Mauern_BEG_VE<\/a><\/p>\n<\/li>\n<\/ul>\n<div>\n<\/div>\n<p><!--more--><br \/>\n<!-- {\"name\":\"Seite\",\"type\":\"layout\",\"children\":[{\"type\":\"section\",\"props\":{\"image_position\":\"center-center\",\"padding\":\"small\",\"padding_remove_bottom\":true,\"style\":\"default\",\"title_breakpoint\":\"xl\",\"title_position\":\"top-left\",\"title_rotation\":\"left\",\"vertical_align\":\"\",\"width\":\"default\"},\"children\":[{\"type\":\"row\",\"children\":[{\"type\":\"column\",\"props\":{\"image_position\":\"center-center\",\"position_sticky_breakpoint\":\"m\"},\"children\":[{\"type\":\"breadcrumbs\",\"props\":{\"show_current\":true,\"show_home\":true}}]}]}]},{\"type\":\"section\",\"props\":{\"image_position\":\"center-center\",\"padding_remove_top\":false,\"style\":\"default\",\"title_breakpoint\":\"xl\",\"title_position\":\"top-left\",\"title_rotation\":\"left\",\"vertical_align\":\"\",\"width\":\"default\"},\"children\":[{\"type\":\"row\",\"children\":[{\"type\":\"column\",\"props\":{\"image_position\":\"center-center\",\"position_sticky_breakpoint\":\"m\"},\"children\":[{\"type\":\"headline\",\"props\":{\"content\":\"Bauleitpl\\u00e4ne aktuelle Auslegung\",\"title_element\":\"h1\",\"title_style\":\"heading-small\"}}]}]},{\"type\":\"row\",\"children\":[{\"type\":\"column\",\"props\":{\"image_position\":\"center-center\",\"position_sticky_breakpoint\":\"m\"},\"children\":[{\"type\":\"text\",\"props\":{\"column_breakpoint\":\"m\",\"content\":\"\n\n<p>Hier finden Sie die aktuellen \\u00f6ffentlichen Auslegungen und Bekanntmachungen der Gemeinde Mauern gem\\u00e4\\u00df BauGB.<\\\/p>\\n\n\n<p><\\\/p>\",\"margin\":\"default\"}},{\"type\":\"text\",\"props\":{\"column_breakpoint\":\"m\",\"content\":\"\n\n<p><strong>Neuaufstellung des Fl\\u00e4chennutzungsplanes mit integriertem Landschaftsplan, Gemeinde Mauern<\\\/strong><\\\/p>\",\"margin\":\"default\"}},{\"type\":\"list\",\"props\":{\"column_breakpoint\":\"m\",\"image_align\":\"left\",\"image_svg_color\":\"emphasis\",\"image_vertical_align\":true,\"list_element\":\"ul\",\"list_horizontal_separator\":\", \",\"list_type\":\"vertical\",\"show_image\":true,\"show_link\":true},\"children\":[{\"type\":\"list_item\",\"props\":{\"content\":\"Anhang_0_Deckblatt\",\"link\":\"wp-content\\\/uploads\\\/sites\\\/2\\\/2026\\\/08\\\/Anhang_0_Deckblatt.pdf\",\"link_target\":true}},{\"type\":\"list_item\",\"props\":{\"content\":\"Anhang_1_Umweltbericht\",\"link\":\"wp-content\\\/uploads\\\/sites\\\/2\\\/2026\\\/08\\\/Anhang_1_Umweltbericht.pdf\",\"link_target\":true}},{\"type\":\"list_item\",\"props\":{\"content\":\"Anhang_2_Rahmenbedingungen\",\"link\":\"wp-content\\\/uploads\\\/sites\\\/2\\\/2026\\\/08\\\/Anhang_2_Rahmenbedingungen.pdf\",\"link_target\":true}},{\"type\":\"list_item\",\"props\":{\"content\":\"Anhang_3_Themenkarten\",\"link\":\"wp-content\\\/uploads\\\/sites\\\/2\\\/2026\\\/08\\\/Anhang_3_Themenkarten-klein-1.pdf\",\"link_target\":true}},{\"type\":\"list_item\",\"props\":{\"content\":\"Bekanntmachung\",\"link\":\"wp-content\\\/uploads\\\/sites\\\/2\\\/2026\\\/08\\\/Bekanntmachung.pdf\",\"link_target\":true}},{\"type\":\"list_item\",\"props\":{\"content\":\"Datenschutz konkrete Information\",\"link\":\"wp-content\\\/uploads\\\/sites\\\/2\\\/2026\\\/08\\\/Datenschutz-konkrete-Information.pdf\",\"link_target\":true}},{\"type\":\"list_item\",\"props\":{\"content\":\"FNP_LP_Mauern_5000_gesamt\",\"link\":\"wp-content\\\/uploads\\\/sites\\\/2\\\/2026\\\/08\\\/FNP_LP_Mauern_5000_gesamt_klein.pdf\",\"link_target\":true}},{\"type\":\"list_item\",\"props\":{\"content\":\"FNP_LP_Mauern_5000_NORD\",\"link\":\"wp-content\\\/uploads\\\/sites\\\/2\\\/2026\\\/08\\\/FNP_LP_Mauern_5000_NORD.pdf\",\"link_target\":true}},{\"type\":\"list_item\",\"props\":{\"content\":\"FNP_LP_Mauern_5000_S\\u00dcD\",\"link\":\"wp-content\\\/uploads\\\/sites\\\/2\\\/2026\\\/08\\\/FNP_LP_Mauern_5000_SUeD.pdf\",\"link_target\":true}},{\"type\":\"list_item\",\"props\":{\"content\":\"FNP_LP_Mauern_BEG_VE\",\"link\":\"wp-content\\\/uploads\\\/sites\\\/2\\\/2026\\\/08\\\/FNP_LP_Mauern_BEG_VE.pdf\",\"link_target\":true}}]}]}]},{\"type\":\"row\",\"children\":[{\"type\":\"column\",\"props\":{\"image_position\":\"center-center\",\"position_sticky_breakpoint\":\"m\"},\"children\":[{\"type\":\"grid\",\"props\":{\"content_column_breakpoint\":\"m\",\"filter_align\":\"left\",\"filter_all\":true,\"filter_grid_breakpoint\":\"m\",\"filter_grid_width\":\"auto\",\"filter_position\":\"top\",\"filter_style\":\"tab\",\"grid_column_align\":false,\"grid_default\":\"1\",\"grid_divider\":true,\"grid_medium\":\"\",\"grid_row_align\":false,\"icon_width\":80,\"image_align\":\"top\",\"image_grid_breakpoint\":\"m\",\"image_grid_width\":\"1-2\",\"image_svg_color\":\"emphasis\",\"item_animation\":true,\"link_style\":\"default\",\"link_text\":\"Read more\",\"margin\":\"default\",\"meta_align\":\"below-title\",\"meta_element\":\"div\",\"meta_style\":\"text-meta\",\"parallax_easing\":\"1\",\"show_content\":true,\"show_image\":true,\"show_link\":true,\"show_meta\":true,\"show_title\":true,\"title_align\":\"top\",\"title_element\":\"h3\",\"title_grid_breakpoint\":\"m\",\"title_grid_width\":\"1-2\",\"title_hover_style\":\"reset\"},\"children\":[{\"type\":\"grid_item\",\"source\":{\"query\":{\"name\":\"posts.customPosts\",\"arguments\":{\"terms\":[9],\"category_operator\":\"IN\",\"post_tag_operator\":\"IN\",\"users\":[],\"users_operator\":\"IN\",\"offset\":0,\"limit\":10,\"order\":\"date\",\"order_direction\":\"DESC\"}},\"props\":{\"title\":{\"filters\":{\"search\":\"\"},\"name\":\"title\"},\"content\":{\"filters\":{\"search\":\"\"},\"arguments\":{\"show_intro_text\":true},\"name\":\"content\"}}}}]}]}]}]}],\"version\":\"4.4.16\"} --><\/p>\n","protected":false},"excerpt":{"rendered":"<p>Bauleitpl\u00e4ne aktuelle Auslegung Hier finden Sie die aktuellen \u00f6ffentlichen Auslegungen und Bekanntmachungen der Gemeinde Mauern gem\u00e4\u00df BauGB. Neuaufstellung des Fl\u00e4chennutzungsplanes mit integriertem Landschaftsplan, Gemeinde Mauern Anhang_0_Deckblatt Anhang_1_Umweltbericht Anhang_2_Rahmenbedingungen Anhang_3_Themenkarten Bekanntmachung Datenschutz konkrete Information FNP_LP_Mauern_5000_gesamt FNP_LP_Mauern_5000_NORD FNP_LP_Mauern_5000_S\u00dcD FNP_LP_Mauern_BEG_VE<\/p>\n","protected":false},"author":1,"featured_media":0,"parent":80,"menu_order":0,"comment_status":"closed","ping_status":"closed","template":"","meta":{"footnotes":""},"class_list":["post-169","page","type-page","status-publish","hentry"],"publishpress_future_action":{"enabled":false,"date":"2026-09-08 11:47:39","action":"change-status","newStatus":"draft","terms":[],"taxonomy":"","extraData":[]},"publishpress_future_workflow_manual_trigger":{"enabledWorkflows":[]},"_links":{"self":[{"href":"https:\/\/vg-mauern.de\/mauern\/wp-json\/wp\/v2\/pages\/169","targetHints":{"allow":["GET"]}}],"collection":[{"href":"https:\/\/vg-mauern.de\/mauern\/wp-json\/wp\/v2\/pages"}],"about":[{"href":"https:\/\/vg-mauern.de\/mauern\/wp-json\/wp\/v2\/types\/page"}],"author":[{"embeddable":true,"href":"https:\/\/vg-mauern.de\/mauern\/wp-json\/wp\/v2\/users\/1"}],"replies":[{"embeddable":true,"href":"https:\/\/vg-mauern.de\/mauern\/wp-json\/wp\/v2\/comments?post=169"}],"version-history":[{"count":10,"href":"https:\/\/vg-mauern.de\/mauern\/wp-json\/wp\/v2\/pages\/169\/revisions"}],"predecessor-version":[{"id":4880,"href":"https:\/\/vg-mauern.de\/mauern\/wp-json\/wp\/v2\/pages\/169\/revisions\/4880"}],"up":[{"embeddable":true,"href":"https:\/\/vg-mauern.de\/mauern\/wp-json\/wp\/v2\/pages\/80"}],"wp:attachment":[{"href":"https:\/\/vg-mauern.de\/mauern\/wp-json\/wp\/v2\/media?parent=169"}],"curies":[{"name":"wp","href":"https:\/\/api.w.org\/{rel}","templated":true}]}}