{"id":1079,"date":"2022-12-01T13:29:58","date_gmt":"2022-12-01T12:29:58","guid":{"rendered":"https:\/\/demo.vg-mauern.de\/wang\/?page_id=1079"},"modified":"2025-10-22T11:19:25","modified_gmt":"2025-10-22T09:19:25","slug":"nuetzliche-links-zum-thema-energie","status":"publish","type":"page","link":"https:\/\/vg-mauern.de\/wang\/buergerservice\/energie-umwelt\/nuetzliche-links-zum-thema-energie\/","title":{"rendered":"N\u00fctzliche Links zum Thema Energie"},"content":{"rendered":"<h1>\n<p class=\"uk-article-title\">N\u00fctzliche Links zum Thema Energie<\/p>\n<\/h1>\n<div>\n<p><strong>Bauen und Sanieren<\/strong><\/p>\n<\/div>\n<ul>\n<li>\n<p><a href=\"\/wang\/wp-content\/uploads\/sites\/3\/2022\/12\/Dmmen_Faktencheck_Broschre.pdf\"><\/p>\n<p>D\u00e4mmen, Faktencheck<\/p>\n<p><\/a><\/p>\n<\/li>\n<li>\n<p><a href=\"\/wang\/wp-content\/uploads\/sites\/3\/2022\/12\/Sanieren_Bauen_Zukunft_Broschre.pdf\"><\/p>\n<p>Das zukunftsf\u00e4hige Haus<\/p>\n<p><\/a><\/p>\n<\/li>\n<li>\n<p><a href=\"\/wang\/wp-content\/uploads\/sites\/3\/2022\/12\/Nachhaltig_Bauen_fr_die_Zukunft_Broschre_2021_Bayern.pdf\"><\/p>\n<p>Nachhaltig Bauen und Sanieren<\/p>\n<p><\/a><\/p>\n<\/li>\n<li>\n<p><a href=\"\/wang\/wp-content\/uploads\/sites\/3\/2022\/12\/Foerderkompass_2021.pdf\"><\/p>\n<p>F\u00f6rderkompass Bauen und Sanieren<\/p>\n<p><\/a><\/p>\n<\/li>\n<li>\n<p><a href=\"\/wang\/wp-content\/uploads\/sites\/3\/2022\/12\/202101_Energetische_Sanierungsmassnahmen_Frderwegweiser.pdf\"><\/p>\n<p>C.A.R.M.E.N. zu Bauen und Sanieren<\/p>\n<p><\/a><\/p>\n<\/li>\n<li>\n<p><a href=\"\/wang\/wp-content\/uploads\/sites\/3\/2022\/12\/202101_Frderungen_Broschre_Sanierungsmassnahmen.pdf\"><\/p>\n<p>F\u00f6rderprogramme 2021<\/p>\n<p><\/a><\/p>\n<\/li>\n<li>\n<p><a href=\"https:\/\/www.energieatlas.bayern.de\/energieatlas\/neu\/294.html\"><\/p>\n<p>Energieatlas Bayern zu kosteng\u00fcnstig Bauen\u00a0<\/p>\n<p><\/a><\/p>\n<\/li>\n<li>\n<p><a href=\"\/wang\/wp-content\/uploads\/sites\/3\/2022\/12\/Flyer_Mit_hocheffizienten_Heizungsumwlzpumpen_Stromkosten_sparen.pdf\"><\/p>\n<p>Flyer Heizungsumw\u00e4lzpumpen erneuern und Strom sparen<\/p>\n<p><\/a><\/p>\n<\/li>\n<\/ul>\n<ul>\n<li>\n<p><a href=\"\/wang\/wp-content\/uploads\/sites\/3\/2025\/10\/Strom_aus_EE_im_LK_FS_2025_Daten_2023.pdf\"><\/p>\n<p>Strombrosch\u00fcre 2022, Landratsamt FS<\/p>\n<p><\/a><\/p>\n<\/li>\n<li>\n<p><a href=\"https:\/\/www.solare-stadt.de\/kreis-freising\/Start\"><\/p>\n<p>Solarpotenzialkataster des Landkreises Freising<\/p>\n<p><\/a><\/p>\n<\/li>\n<\/ul>\n<ul>\n<li>\n<p><a href=\"http:\/\/www.solarfreunde-moosburg.de\/\"><\/p>\n<p>Solarfreunde Moosburg e. V.<\/p>\n<p><\/a><\/p>\n<\/li>\n<li>\n<p><a href=\"http:\/\/beg-fs.de\/\"><\/p>\n<p>B\u00fcrger-Energie-Genossenschaft Freisinger Land (BEG-FS)<\/p>\n<p><\/a><\/p>\n<\/li>\n<li>\n<p><a href=\"https:\/\/www.goingelectric.de\/stromtankstellen\/Deutschland\/Freising\/\"><\/p>\n<p>Lades\u00e4ulen im Landkreis FS<\/p>\n<p><\/a><\/p>\n<\/li>\n<li>\n<p><a href=\"http:\/\/www.tfz.bayern.de\/landschafftenergie\/\"><\/p>\n<p>LandSchafftEnergie<\/p>\n<p><\/a><\/p>\n<\/li>\n<li>\n<p><a href=\"http:\/\/www.dena.de\/\"><\/p>\n<p>Deutsche Energie Agentur (dena)<\/p>\n<p><\/a><\/p>\n<\/li>\n<li>\n<p><a href=\"http:\/\/www.energie-innovativ.de\/\"><\/p>\n<p>Energie Innovativ<\/p>\n<p><\/a><\/p>\n<\/li>\n<\/ul>\n<p><!--more--><br \/>\n<!-- {\"type\":\"layout\",\"children\":[{\"type\":\"section\",\"props\":{\"image_position\":\"center-center\",\"style\":\"default\",\"title_breakpoint\":\"xl\",\"title_position\":\"top-left\",\"title_rotation\":\"left\",\"vertical_align\":\"\",\"width\":\"default\"},\"children\":[{\"type\":\"row\",\"children\":[{\"type\":\"column\",\"props\":{\"image_position\":\"center-center\",\"position_sticky_breakpoint\":\"m\"},\"children\":[{\"type\":\"headline\",\"props\":{\"content\":\"\n\n<p class=\\\"uk-article-title\\\">N\\u00fctzliche Links zum Thema Energie<\\\/p>\",\"title_element\":\"h1\"}},{\"type\":\"text\",\"props\":{\"column_breakpoint\":\"m\",\"content\":\"\n\n<p><strong>Bauen und Sanieren<\\\/strong><\\\/p>\",\"margin\":\"default\"}},{\"type\":\"list\",\"props\":{\"column_breakpoint\":\"m\",\"image_align\":\"left\",\"image_svg_color\":\"emphasis\",\"image_vertical_align\":true,\"list_element\":\"ul\",\"list_horizontal_separator\":\", \",\"list_type\":\"vertical\",\"show_image\":true,\"show_link\":true},\"children\":[{\"type\":\"list_item\",\"props\":{\"content\":\"\n\n<p>D\\u00e4mmen, Faktencheck<\\\/p>\",\"icon\":\"file-pdf\",\"link\":\"wp-content\\\/uploads\\\/sites\\\/3\\\/2022\\\/12\\\/Dmmen_Faktencheck_Broschre.pdf\",\"link_target\":true}},{\"type\":\"list_item\",\"props\":{\"content\":\"\n\n<p>Das zukunftsf\\u00e4hige Haus<\\\/p>\",\"icon\":\"file-pdf\",\"link\":\"wp-content\\\/uploads\\\/sites\\\/3\\\/2022\\\/12\\\/Sanieren_Bauen_Zukunft_Broschre.pdf\",\"link_target\":true}},{\"type\":\"list_item\",\"props\":{\"content\":\"\n\n<p>Nachhaltig Bauen und Sanieren<\\\/p>\",\"icon\":\"file-pdf\",\"link\":\"wp-content\\\/uploads\\\/sites\\\/3\\\/2022\\\/12\\\/Nachhaltig_Bauen_fr_die_Zukunft_Broschre_2021_Bayern.pdf\",\"link_target\":true}},{\"type\":\"list_item\",\"props\":{\"content\":\"\n\n<p>F\\u00f6rderkompass Bauen und Sanieren<\\\/p>\",\"icon\":\"file-pdf\",\"link\":\"wp-content\\\/uploads\\\/sites\\\/3\\\/2022\\\/12\\\/Foerderkompass_2021.pdf\",\"link_target\":true}},{\"type\":\"list_item\",\"props\":{\"content\":\"\n\n<p>C.A.R.M.E.N. zu Bauen und Sanieren<\\\/p>\",\"icon\":\"file-pdf\",\"link\":\"wp-content\\\/uploads\\\/sites\\\/3\\\/2022\\\/12\\\/202101_Energetische_Sanierungsmassnahmen_Frderwegweiser.pdf\",\"link_target\":true}},{\"type\":\"list_item\",\"props\":{\"content\":\"\n\n<p>F\\u00f6rderprogramme 2021<\\\/p>\",\"icon\":\"file-pdf\",\"link\":\"wp-content\\\/uploads\\\/sites\\\/3\\\/2022\\\/12\\\/202101_Frderungen_Broschre_Sanierungsmassnahmen.pdf\",\"link_target\":true}},{\"type\":\"list_item\",\"props\":{\"content\":\"\n\n<p>Energieatlas Bayern zu kosteng\\u00fcnstig Bauen\\u00a0<\\\/p>\",\"icon\":\"world\",\"link\":\"https:\\\/\\\/www.energieatlas.bayern.de\\\/energieatlas\\\/neu\\\/294.html\",\"link_target\":true}},{\"type\":\"list_item\",\"props\":{\"content\":\"\n\n<p>Flyer Heizungsumw\\u00e4lzpumpen erneuern und Strom sparen<\\\/p>\",\"icon\":\"file-pdf\",\"link\":\"wp-content\\\/uploads\\\/sites\\\/3\\\/2022\\\/12\\\/Flyer_Mit_hocheffizienten_Heizungsumwlzpumpen_Stromkosten_sparen.pdf\",\"link_target\":true}}]}]}]},{\"type\":\"row\",\"children\":[{\"type\":\"column\",\"props\":{\"image_position\":\"center-center\",\"position_sticky_breakpoint\":\"m\"},\"children\":[{\"type\":\"list\",\"props\":{\"column_breakpoint\":\"m\",\"image_align\":\"left\",\"image_svg_color\":\"emphasis\",\"image_vertical_align\":true,\"list_element\":\"ul\",\"list_horizontal_separator\":\", \",\"list_type\":\"vertical\",\"show_image\":true,\"show_link\":true},\"children\":[{\"type\":\"list_item\",\"props\":{\"content\":\"\n\n<p>Strombrosch\\u00fcre 2022, Landratsamt FS<\\\/p>\",\"icon\":\"file-pdf\",\"link\":\"wp-content\\\/uploads\\\/sites\\\/3\\\/2025\\\/10\\\/Strom_aus_EE_im_LK_FS_2025_Daten_2023.pdf\",\"link_target\":true}},{\"type\":\"list_item\",\"props\":{\"content\":\"\n\n<p>Solarpotenzialkataster des Landkreises Freising<\\\/p>\",\"icon\":\"world\",\"link\":\"https:\\\/\\\/www.solare-stadt.de\\\/kreis-freising\\\/Start\",\"link_target\":true}}]}]}]},{\"type\":\"row\",\"children\":[{\"type\":\"column\",\"props\":{\"image_position\":\"center-center\",\"position_sticky_breakpoint\":\"m\"},\"children\":[{\"type\":\"list\",\"props\":{\"column_breakpoint\":\"m\",\"image_align\":\"left\",\"image_svg_color\":\"emphasis\",\"image_vertical_align\":true,\"list_element\":\"ul\",\"list_horizontal_separator\":\", \",\"list_type\":\"vertical\",\"show_image\":true,\"show_link\":true},\"children\":[{\"type\":\"list_item\",\"props\":{\"content\":\"\n\n<p>Solarfreunde Moosburg e. V.<\\\/p>\",\"icon\":\"world\",\"link\":\"http:\\\/\\\/www.solarfreunde-moosburg.de\\\/\",\"link_target\":true}},{\"type\":\"list_item\",\"props\":{\"content\":\"\n\n<p>B\\u00fcrger-Energie-Genossenschaft Freisinger Land (BEG-FS)<\\\/p>\",\"icon\":\"world\",\"link\":\"http:\\\/\\\/beg-fs.de\\\/\",\"link_target\":true}},{\"type\":\"list_item\",\"props\":{\"content\":\"\n\n<p>Lades\\u00e4ulen im Landkreis FS<\\\/p>\",\"icon\":\"world\",\"link\":\"https:\\\/\\\/www.goingelectric.de\\\/stromtankstellen\\\/Deutschland\\\/Freising\\\/\",\"link_target\":true}},{\"type\":\"list_item\",\"props\":{\"content\":\"\n\n<p>LandSchafftEnergie<\\\/p>\",\"icon\":\"world\",\"link\":\"http:\\\/\\\/www.tfz.bayern.de\\\/landschafftenergie\\\/\",\"link_target\":true}},{\"type\":\"list_item\",\"props\":{\"content\":\"\n\n<p>Deutsche Energie Agentur (dena)<\\\/p>\",\"icon\":\"world\",\"link\":\"http:\\\/\\\/www.dena.de\\\/\",\"link_target\":true}},{\"type\":\"list_item\",\"props\":{\"content\":\"\n\n<p>Energie Innovativ<\\\/p>\",\"icon\":\"world\",\"link\":\"http:\\\/\\\/www.energie-innovativ.de\\\/\",\"link_target\":true}}]}]}]}]}],\"version\":\"4.4.16\"} --><\/p>\n","protected":false},"excerpt":{"rendered":"<p>N\u00fctzliche Links zum Thema Energie Bauen und Sanieren D\u00e4mmen, Faktencheck Das zukunftsf\u00e4hige Haus Nachhaltig Bauen und Sanieren F\u00f6rderkompass Bauen und Sanieren C.A.R.M.E.N. zu Bauen und Sanieren F\u00f6rderprogramme 2021 Energieatlas Bayern zu kosteng\u00fcnstig Bauen\u00a0 Flyer Heizungsumw\u00e4lzpumpen erneuern und Strom sparen Strombrosch\u00fcre 2022, Landratsamt FS Solarpotenzialkataster des Landkreises Freising Solarfreunde Moosburg e. V. B\u00fcrger-Energie-Genossenschaft Freisinger Land (BEG-FS) [&hellip;]<\/p>\n","protected":false},"author":1,"featured_media":0,"parent":1075,"menu_order":0,"comment_status":"closed","ping_status":"closed","template":"","meta":{"footnotes":""},"class_list":["post-1079","page","type-page","status-publish","hentry"],"publishpress_future_action":{"enabled":false,"date":"2026-05-06 11:00:20","action":"change-status","newStatus":"draft","terms":[],"taxonomy":"","extraData":[]},"publishpress_future_workflow_manual_trigger":{"enabledWorkflows":[]},"_links":{"self":[{"href":"https:\/\/vg-mauern.de\/wang\/wp-json\/wp\/v2\/pages\/1079","targetHints":{"allow":["GET"]}}],"collection":[{"href":"https:\/\/vg-mauern.de\/wang\/wp-json\/wp\/v2\/pages"}],"about":[{"href":"https:\/\/vg-mauern.de\/wang\/wp-json\/wp\/v2\/types\/page"}],"author":[{"embeddable":true,"href":"https:\/\/vg-mauern.de\/wang\/wp-json\/wp\/v2\/users\/1"}],"replies":[{"embeddable":true,"href":"https:\/\/vg-mauern.de\/wang\/wp-json\/wp\/v2\/comments?post=1079"}],"version-history":[{"count":10,"href":"https:\/\/vg-mauern.de\/wang\/wp-json\/wp\/v2\/pages\/1079\/revisions"}],"predecessor-version":[{"id":3491,"href":"https:\/\/vg-mauern.de\/wang\/wp-json\/wp\/v2\/pages\/1079\/revisions\/3491"}],"up":[{"embeddable":true,"href":"https:\/\/vg-mauern.de\/wang\/wp-json\/wp\/v2\/pages\/1075"}],"wp:attachment":[{"href":"https:\/\/vg-mauern.de\/wang\/wp-json\/wp\/v2\/media?parent=1079"}],"curies":[{"name":"wp","href":"https:\/\/api.w.org\/{rel}","templated":true}]}}